{"id":113067,"date":"2026-09-04T16:17:58","date_gmt":"2026-09-04T14:17:58","guid":{"rendered":"https:\/\/www.industrialwood.nl\/?post_type=product&#038;p=113067"},"modified":"2026-09-04T17:21:54","modified_gmt":"2026-09-04T15:21:54","slug":"kerzenleuchter-louis-kugeln-schwarz-s-kopie","status":"publish","type":"product","link":"https:\/\/www.industrialwood.nl\/de\/kerzenleuchter-louis-kugeln-schwarz-s-kopie\/","title":{"rendered":"Kerzenst\u00e4nder | Louis | Kugeln | Dunkelbraun | S"},"content":{"rendered":"","protected":false},"excerpt":{"rendered":"<p><strong>Dunkelbrauner Kerzenst\u00e4nder im stilvollen Japandi-Design \ud83e\udd0e<\/strong><\/p>\n<p>Sind Sie auf der Suche nach einem dunkelbraunen Kerzenst\u00e4nder, der etwas aus der Reihe tanzt? Lernen Sie \u201eLouis Bollen S\u201c kennen. Die elegante Form mit den runden Kugeln verleiht diesem Kerzenhalter aus Metall einen verspielten und stilvollen Charakter, w\u00e4hrend die gl\u00e4nzende dunkelbraune Oberfl\u00e4che f\u00fcr eine luxuri\u00f6se Ausstrahlung sorgt.<\/p>\n<p>Dunkelbraun ist die Farbe, die wunderbar zu einem Japandi-Interieur in Beige passt. Kombinieren Sie \u201eLouis\u201c mit sanften Beiget\u00f6nen, Naturfarben, Holz und warmen Erdfarben, um ein stimmungsvolles Gesamtbild zu schaffen. Aber auch in einem modernen, Hotel-Chic- oder minimalistischen Interieur f\u00fchlt sich dieser braune Kerzenst\u00e4nder ganz wie zu Hause. \u2728<\/p>\n<p>Stellen Sie \u201eLouis\u201c einzeln auf ein Tablett, eine Anrichte oder einen Esstisch, um einen dezenten stilistischen Akzent zu setzen, oder kombinieren Sie verschiedene Gr\u00f6\u00dfen miteinander. \u201eLouis\u201c in den Gr\u00f6\u00dfen S, M und L zusammen? Eine goldene Kombination \u2013 nun ja, eigentlich eher dunkelbraun. \ud83d\ude09<\/p>\n<p><strong>Warum Sie den Kerzenhalter \u201eLouis\u201c haben m\u00f6chten:<\/strong><\/p>\n<ul>\n<li>Dunkelbraune Kerzenleuchter aus Metall mit gl\u00e4nzender Oberfl\u00e4che<\/li>\n<li>Verspieltes Design mit eleganten runden Kugeln<\/li>\n<li>Trendige dunkelbraune Farbe f\u00fcr ein warmes Interieur<\/li>\n<li>Sch\u00f6n sowohl als einzelner Kerzenst\u00e4nder als auch als Set aus <a href=\"https:\/\/www.industrialwood.nl\/kandelaar-louis-bollen-donkerbruin-l\/\">den<\/a> <a href=\"https:\/\/www.industrialwood.nl\/kandelaar-louis-bollen-donkerbruin-m\/\">Gr\u00f6\u00dfen M<\/a> und L<\/li>\n<li>Ideal f\u00fcr ein Tablett, eine Anrichte, einen Tisch oder einen Schrank<\/li>\n<\/ul>\n<p>&nbsp;<\/p>\n<p><strong>Ma\u00dfe<\/strong>: 4,5 x 16 cm<br \/>\n<strong>Material<\/strong>: Metall<br \/>\n<strong>Farbe<\/strong>: Dunkelbraun<\/p>\n","protected":false},"featured_media":113076,"comment_status":"open","ping_status":"closed","template":"","meta":[],"product_brand":[],"product_cat":[419,399,400,418,403,402,413,425,424,421,420,395,423,422,396],"product_tag":[],"seizoen":[543,545,544,546],"bloemensoort":[],"samenstelling":[],"shop-per-kamer":[551,552,550,553,549],"indooroutdoor":[555],"vorm":[563,557],"duurzaam":[565],"productafmetingen":[567],"stijl":[574,571,575,573,572],"merk":[580],"materiaal":[614],"materiaal-schaaltje":[],"geur":[],"product-type":[],"beoordeling":[640,641,642],"uitsparingen":[],"houtsoort":[],"breedte":[],"badplanken-lengte":[],"kleur":[663],"class_list":["post-113067","product","type-product","status-publish","has-post-thumbnail","product_cat-hotel-chic-schlafzimmer","product_cat-boheme-schlafzimmer","product_cat-boheme-wohnzimmer","product_cat-hotel-chic-wohnzimmer","product_cat-japandi-schlafzimmer","product_cat-japandi-wohnzimmer","product_cat-kerzenstander-kerzenleuchter","product_cat-land-schlafzimmer","product_cat-landwohnzimmer","product_cat-modernes-schlafzimmer","product_cat-modernes-wohnzimmer","product_cat-naturliche-tone","product_cat-skandinavisches-schlafzimmer","product_cat-skandinavisches-wohnzimmer","product_cat-wohnzimmer","seizoen-lente-de","seizoen-herfst-de","seizoen-zomer-de","seizoen-winter-de","shop-per-kamer-badkamer-de","shop-per-kamer-hal-de","shop-per-kamer-keuken-de","shop-per-kamer-slaapkamer-de","shop-per-kamer-woonkamer-de","indooroutdoor-indoor-de","vorm-organisch-de","vorm-rond-de","duurzaam-ja-de","productafmetingen-s-de","stijl-bohemian-de","stijl-hotel-chique-de","stijl-japandi-de","stijl-modern-de","stijl-scandinavisch-de","merk-lightliving-de","materiaal-metaal-de","beoordeling-three-star-de","beoordeling-four-star-de","beoordeling-five-star-de","kleur-bruin-de","first","instock","taxable","shipping-taxable","purchasable","product-type-simple"],"_links":{"self":[{"href":"https:\/\/www.industrialwood.nl\/de\/wp-json\/wp\/v2\/product\/113067","targetHints":{"allow":["GET"]}}],"collection":[{"href":"https:\/\/www.industrialwood.nl\/de\/wp-json\/wp\/v2\/product"}],"about":[{"href":"https:\/\/www.industrialwood.nl\/de\/wp-json\/wp\/v2\/types\/product"}],"replies":[{"embeddable":true,"href":"https:\/\/www.industrialwood.nl\/de\/wp-json\/wp\/v2\/comments?post=113067"}],"wp:featuredmedia":[{"embeddable":true,"href":"https:\/\/www.industrialwood.nl\/de\/wp-json\/wp\/v2\/media\/113076"}],"wp:attachment":[{"href":"https:\/\/www.industrialwood.nl\/de\/wp-json\/wp\/v2\/media?parent=113067"}],"wp:term":[{"taxonomy":"product_brand","embeddable":true,"href":"https:\/\/www.industrialwood.nl\/de\/wp-json\/wp\/v2\/product_brand?post=113067"},{"taxonomy":"product_cat","embeddable":true,"href":"https:\/\/www.industrialwood.nl\/de\/wp-json\/wp\/v2\/product_cat?post=113067"},{"taxonomy":"product_tag","embeddable":true,"href":"https:\/\/www.industrialwood.nl\/de\/wp-json\/wp\/v2\/product_tag?post=113067"},{"taxonomy":"seizoen","embeddable":true,"href":"https:\/\/www.industrialwood.nl\/de\/wp-json\/wp\/v2\/seizoen?post=113067"},{"taxonomy":"bloemensoort","embeddable":true,"href":"https:\/\/www.industrialwood.nl\/de\/wp-json\/wp\/v2\/bloemensoort?post=113067"},{"taxonomy":"samenstelling","embeddable":true,"href":"https:\/\/www.industrialwood.nl\/de\/wp-json\/wp\/v2\/samenstelling?post=113067"},{"taxonomy":"shop-per-kamer","embeddable":true,"href":"https:\/\/www.industrialwood.nl\/de\/wp-json\/wp\/v2\/shop-per-kamer?post=113067"},{"taxonomy":"indooroutdoor","embeddable":true,"href":"https:\/\/www.industrialwood.nl\/de\/wp-json\/wp\/v2\/indooroutdoor?post=113067"},{"taxonomy":"vorm","embeddable":true,"href":"https:\/\/www.industrialwood.nl\/de\/wp-json\/wp\/v2\/vorm?post=113067"},{"taxonomy":"duurzaam","embeddable":true,"href":"https:\/\/www.industrialwood.nl\/de\/wp-json\/wp\/v2\/duurzaam?post=113067"},{"taxonomy":"productafmetingen","embeddable":true,"href":"https:\/\/www.industrialwood.nl\/de\/wp-json\/wp\/v2\/productafmetingen?post=113067"},{"taxonomy":"stijl","embeddable":true,"href":"https:\/\/www.industrialwood.nl\/de\/wp-json\/wp\/v2\/stijl?post=113067"},{"taxonomy":"merk","embeddable":true,"href":"https:\/\/www.industrialwood.nl\/de\/wp-json\/wp\/v2\/merk?post=113067"},{"taxonomy":"materiaal","embeddable":true,"href":"https:\/\/www.industrialwood.nl\/de\/wp-json\/wp\/v2\/materiaal?post=113067"},{"taxonomy":"materiaal-schaaltje","embeddable":true,"href":"https:\/\/www.industrialwood.nl\/de\/wp-json\/wp\/v2\/materiaal-schaaltje?post=113067"},{"taxonomy":"geur","embeddable":true,"href":"https:\/\/www.industrialwood.nl\/de\/wp-json\/wp\/v2\/geur?post=113067"},{"taxonomy":"product-type","embeddable":true,"href":"https:\/\/www.industrialwood.nl\/de\/wp-json\/wp\/v2\/product-type?post=113067"},{"taxonomy":"beoordeling","embeddable":true,"href":"https:\/\/www.industrialwood.nl\/de\/wp-json\/wp\/v2\/beoordeling?post=113067"},{"taxonomy":"uitsparingen","embeddable":true,"href":"https:\/\/www.industrialwood.nl\/de\/wp-json\/wp\/v2\/uitsparingen?post=113067"},{"taxonomy":"houtsoort","embeddable":true,"href":"https:\/\/www.industrialwood.nl\/de\/wp-json\/wp\/v2\/houtsoort?post=113067"},{"taxonomy":"breedte","embeddable":true,"href":"https:\/\/www.industrialwood.nl\/de\/wp-json\/wp\/v2\/breedte?post=113067"},{"taxonomy":"badplanken-lengte","embeddable":true,"href":"https:\/\/www.industrialwood.nl\/de\/wp-json\/wp\/v2\/badplanken-lengte?post=113067"},{"taxonomy":"kleur","embeddable":true,"href":"https:\/\/www.industrialwood.nl\/de\/wp-json\/wp\/v2\/kleur?post=113067"}],"curies":[{"name":"wp","href":"https:\/\/api.w.org\/{rel}","templated":true}]}}