{"id":112367,"date":"2026-08-30T19:55:32","date_gmt":"2026-08-30T17:55:32","guid":{"rendered":"https:\/\/www.industrialwood.nl\/vase-solari-dunkelbraun\/"},"modified":"2026-08-30T20:28:12","modified_gmt":"2026-08-30T18:28:12","slug":"vase-solari-dunkelbraun","status":"publish","type":"product","link":"https:\/\/www.industrialwood.nl\/de\/vase-solari-dunkelbraun\/","title":{"rendered":"Vase | Solari | Dunkelbraun"},"content":{"rendered":"","protected":false},"excerpt":{"rendered":"<p><strong>Vase \u201eSolari\u201c \u2013 dunkelbraunes Steingut \ud83e\udd0e<\/strong><\/p>\n<p>Eine Vase, die eigentlich gar keine Blumen ben\u00f6tigt, um Aufmerksamkeit zu erregen. Die Vase \u201eSolari\u201c ist aufgrund ihrer au\u00dfergew\u00f6hnlichen organischen Form, ihrer gro\u00dfz\u00fcgigen Gr\u00f6\u00dfe und ihrer tiefen dunkelbraunen Farbe fast schon ein Einrichtungsobjekt f\u00fcr sich. Stellen Sie sie auf, und schon ist Ihre Ecke fertig. \ud83e\udd0e<\/p>\n<p>Die Vase besteht aus Steingut und weist eine sch\u00f6ne, griffige Struktur auf. Die Kombination aus den runden Formen, der schmalen Taille und dem warmen, dunkelbraunen Farbton verleiht \u201eSolari\u201c jene luxuri\u00f6se, ruhige Ausstrahlung, die sich wunderbar in ein Interieur im Japandi-, modernen, nat\u00fcrlichen oder beige-braunen Stil einf\u00fcgt. Gerade neben hellen Farben wie Beige, Creme und Off-White kommt das dunkelbraune Steingut besonders sch\u00f6n zur Geltung.<\/p>\n<p>M\u00f6chten Sie doch etwas in die Vase stellen? Dann eignet sich \u201eSolari\u201c aufgrund ihrer H\u00f6he und Form perfekt als gro\u00dfe Vase f\u00fcr Seidenzweige \ud83c\udf38 Ein einziger sch\u00f6ner, langer Kunstzweig reicht eigentlich schon aus, um ein harmonisches Gesamtbild zu schaffen, aber Sie k\u00f6nnen nat\u00fcrlich auch mehrere Seidenzweige kombinieren, um etwas mehr Volumen zu erzielen. Keine Lust auf Blumen? Lassen Sie die Vase doch einfach leer! Dank ihrer Form macht sich diese dunkelbraune Vase auch wunderbar als dekoratives Ornament auf einer Anrichte, einem Esstisch, einem Beistelltisch oder in einem offenen Schrank.<\/p>\n<p><strong>Warum die Vase \u201eSolari\u201c eine so sch\u00f6ne Erg\u00e4nzung ist:<\/strong><\/p>\n<ul>\n<li>Gro\u00dfe dunkelbraune Vase aus Steingut<\/li>\n<li>Wundersch\u00f6ne warme, tiefbraune Farbe<\/li>\n<li>Sch\u00f6ne Struktur f\u00fcr eine luxuri\u00f6se und nat\u00fcrliche Optik<\/li>\n<li>Auch in der Farbe <a href=\"https:\/\/www.industrialwood.nl\/vaas-solari-cappuccino-l\/\">Cappuccino<\/a> erh\u00e4ltlich!<\/li>\n<\/ul>\n<p>&nbsp;<\/p>\n<p><b>Ma\u00dfe: 13 <\/b>x 34 cm<b><br \/>\nMaterial: Steingut <\/b><b><br \/>\nFarbe: Cappuccino <\/b>(beige\/braun)<\/p>\n<p><em>Gut zu wissen:<\/em> Solari wird von Hand gefertigt. Daher k\u00f6nnen kleine Abweichungen oder subtile Unebenheiten in der Oberfl\u00e4che auftreten. Gerade diese kleinen Merkmale geh\u00f6ren zum Charakter handgefertigter Keramik und machen jede Vase zu einem ganz besonderen Unikat.<\/p>\n","protected":false},"featured_media":112368,"comment_status":"open","ping_status":"closed","template":"","meta":[],"product_brand":[],"product_cat":[387,400,418,402,424,420,395,422,396],"product_tag":[],"seizoen":[543,545,544,546],"bloemensoort":[],"samenstelling":[],"shop-per-kamer":[552,549],"indooroutdoor":[555],"vorm":[563,557],"duurzaam":[565],"productafmetingen":[569],"stijl":[574,571,575,573,572],"merk":[580],"materiaal":[611],"materiaal-schaaltje":[],"geur":[],"product-type":[],"beoordeling":[640,641,642],"uitsparingen":[],"houtsoort":[],"breedte":[],"badplanken-lengte":[],"kleur":[663],"class_list":["post-112367","product","type-product","status-publish","has-post-thumbnail","product_cat-vasen-topfe","product_cat-boheme-wohnzimmer","product_cat-hotel-chic-wohnzimmer","product_cat-japandi-wohnzimmer","product_cat-landwohnzimmer","product_cat-modernes-wohnzimmer","product_cat-naturliche-tone","product_cat-skandinavisches-wohnzimmer","product_cat-wohnzimmer","seizoen-lente-de","seizoen-herfst-de","seizoen-zomer-de","seizoen-winter-de","shop-per-kamer-hal-de","shop-per-kamer-woonkamer-de","indooroutdoor-indoor-de","vorm-organisch-de","vorm-rond-de","duurzaam-ja-de","productafmetingen-l-de","stijl-bohemian-de","stijl-hotel-chique-de","stijl-japandi-de","stijl-modern-de","stijl-scandinavisch-de","merk-lightliving-de","materiaal-keramiek-de","beoordeling-three-star-de","beoordeling-four-star-de","beoordeling-five-star-de","kleur-bruin-de","first","instock","taxable","shipping-taxable","purchasable","product-type-simple"],"_links":{"self":[{"href":"https:\/\/www.industrialwood.nl\/de\/wp-json\/wp\/v2\/product\/112367","targetHints":{"allow":["GET"]}}],"collection":[{"href":"https:\/\/www.industrialwood.nl\/de\/wp-json\/wp\/v2\/product"}],"about":[{"href":"https:\/\/www.industrialwood.nl\/de\/wp-json\/wp\/v2\/types\/product"}],"replies":[{"embeddable":true,"href":"https:\/\/www.industrialwood.nl\/de\/wp-json\/wp\/v2\/comments?post=112367"}],"wp:featuredmedia":[{"embeddable":true,"href":"https:\/\/www.industrialwood.nl\/de\/wp-json\/wp\/v2\/media\/112368"}],"wp:attachment":[{"href":"https:\/\/www.industrialwood.nl\/de\/wp-json\/wp\/v2\/media?parent=112367"}],"wp:term":[{"taxonomy":"product_brand","embeddable":true,"href":"https:\/\/www.industrialwood.nl\/de\/wp-json\/wp\/v2\/product_brand?post=112367"},{"taxonomy":"product_cat","embeddable":true,"href":"https:\/\/www.industrialwood.nl\/de\/wp-json\/wp\/v2\/product_cat?post=112367"},{"taxonomy":"product_tag","embeddable":true,"href":"https:\/\/www.industrialwood.nl\/de\/wp-json\/wp\/v2\/product_tag?post=112367"},{"taxonomy":"seizoen","embeddable":true,"href":"https:\/\/www.industrialwood.nl\/de\/wp-json\/wp\/v2\/seizoen?post=112367"},{"taxonomy":"bloemensoort","embeddable":true,"href":"https:\/\/www.industrialwood.nl\/de\/wp-json\/wp\/v2\/bloemensoort?post=112367"},{"taxonomy":"samenstelling","embeddable":true,"href":"https:\/\/www.industrialwood.nl\/de\/wp-json\/wp\/v2\/samenstelling?post=112367"},{"taxonomy":"shop-per-kamer","embeddable":true,"href":"https:\/\/www.industrialwood.nl\/de\/wp-json\/wp\/v2\/shop-per-kamer?post=112367"},{"taxonomy":"indooroutdoor","embeddable":true,"href":"https:\/\/www.industrialwood.nl\/de\/wp-json\/wp\/v2\/indooroutdoor?post=112367"},{"taxonomy":"vorm","embeddable":true,"href":"https:\/\/www.industrialwood.nl\/de\/wp-json\/wp\/v2\/vorm?post=112367"},{"taxonomy":"duurzaam","embeddable":true,"href":"https:\/\/www.industrialwood.nl\/de\/wp-json\/wp\/v2\/duurzaam?post=112367"},{"taxonomy":"productafmetingen","embeddable":true,"href":"https:\/\/www.industrialwood.nl\/de\/wp-json\/wp\/v2\/productafmetingen?post=112367"},{"taxonomy":"stijl","embeddable":true,"href":"https:\/\/www.industrialwood.nl\/de\/wp-json\/wp\/v2\/stijl?post=112367"},{"taxonomy":"merk","embeddable":true,"href":"https:\/\/www.industrialwood.nl\/de\/wp-json\/wp\/v2\/merk?post=112367"},{"taxonomy":"materiaal","embeddable":true,"href":"https:\/\/www.industrialwood.nl\/de\/wp-json\/wp\/v2\/materiaal?post=112367"},{"taxonomy":"materiaal-schaaltje","embeddable":true,"href":"https:\/\/www.industrialwood.nl\/de\/wp-json\/wp\/v2\/materiaal-schaaltje?post=112367"},{"taxonomy":"geur","embeddable":true,"href":"https:\/\/www.industrialwood.nl\/de\/wp-json\/wp\/v2\/geur?post=112367"},{"taxonomy":"product-type","embeddable":true,"href":"https:\/\/www.industrialwood.nl\/de\/wp-json\/wp\/v2\/product-type?post=112367"},{"taxonomy":"beoordeling","embeddable":true,"href":"https:\/\/www.industrialwood.nl\/de\/wp-json\/wp\/v2\/beoordeling?post=112367"},{"taxonomy":"uitsparingen","embeddable":true,"href":"https:\/\/www.industrialwood.nl\/de\/wp-json\/wp\/v2\/uitsparingen?post=112367"},{"taxonomy":"houtsoort","embeddable":true,"href":"https:\/\/www.industrialwood.nl\/de\/wp-json\/wp\/v2\/houtsoort?post=112367"},{"taxonomy":"breedte","embeddable":true,"href":"https:\/\/www.industrialwood.nl\/de\/wp-json\/wp\/v2\/breedte?post=112367"},{"taxonomy":"badplanken-lengte","embeddable":true,"href":"https:\/\/www.industrialwood.nl\/de\/wp-json\/wp\/v2\/badplanken-lengte?post=112367"},{"taxonomy":"kleur","embeddable":true,"href":"https:\/\/www.industrialwood.nl\/de\/wp-json\/wp\/v2\/kleur?post=112367"}],"curies":[{"name":"wp","href":"https:\/\/api.w.org\/{rel}","templated":true}]}}