{"id":103006,"date":"2026-04-27T18:05:22","date_gmt":"2026-04-27T16:05:22","guid":{"rendered":"https:\/\/www.industrialwood.nl\/?post_type=product&#038;p=103006"},"modified":"2026-04-27T18:43:20","modified_gmt":"2026-04-27T16:43:20","slug":"vase-sol-zwiebeln-beige-m-copy","status":"publish","type":"product","link":"https:\/\/www.industrialwood.nl\/de\/vase-sol-zwiebeln-beige-m-copy\/","title":{"rendered":"Vase | Sol | Zwiebeln | Beige | L"},"content":{"rendered":"","protected":false},"excerpt":{"rendered":"<p data-section-id=\"110ch5h\" data-start=\"0\" data-end=\"64\"><strong>\ud83e\udd0d Keramikvase Sol &#8211; Gro\u00dfe beigefarbene Vase mit organischer Form<br \/>\n<\/strong>M\u00f6chten Sie eine ruhige, stilvolle Basis in Ihrer Einrichtung schaffen? \u2728 Die <strong data-start=\"133\" data-end=\"151\">gro\u00dfe Vase Sol<\/strong> ist ein solcher Gegenstand, der sofort W\u00e4rme und Sanftheit verleiht. Mit ihrer unverwechselbaren <strong data-start=\"225\" data-end=\"246\">runden Birnenform<\/strong>, dem dezenten Beigeton und der sch\u00f6nen Keramikoberfl\u00e4che passt diese Vase perfekt in eine <strong data-start=\"332\" data-end=\"380\">Japandi, nat\u00fcrliche oder minimalistische Einrichtung<\/strong>.  <\/p>\n<p data-start=\"383\" data-end=\"660\">Die organischen Formen verleihen dieser gro\u00dfen Keramikvase eine verspielte Silhouette, w\u00e4hrend die neutrale Farbe Ruhe ausstrahlt. Durch ihre Gr\u00f6\u00dfe kann diese Vase sch\u00f6n alleine aufgestellt werden, aber auch mit ein paar luftigen Zweigen f\u00fcr ein raffiniertes Styling. <\/p>\n<p data-start=\"662\" data-end=\"909\">Durch ihre gro\u00dfz\u00fcgige Gr\u00f6\u00dfe ist diese Vase ideal f\u00fcr ein Sideboard, einen Esstisch oder einen gr\u00f6\u00dferen Couchtisch. Auch sch\u00f6n als Teil eines Sets mit den kleineren Gr\u00f6\u00dfen, zusammen ergeben sie einen sch\u00f6nen H\u00f6henunterschied und ein ruhig gestyltes Ganzes. <\/p>\n<p data-section-id=\"1nzy2cs\" data-start=\"916\" data-end=\"958\"><strong>Warum Sie eine gro\u00dfe Vase Sol:<\/strong><\/p>\n<ul>\n<li data-start=\"960\" data-end=\"1256\">Gro\u00dfe Keramikvase mit organischem Design<\/li>\n<li data-start=\"960\" data-end=\"1256\">Sanftes Beige mit dezent gesprenkeltem Finish<\/li>\n<li data-start=\"960\" data-end=\"1256\">Perfekt f\u00fcr Japandi oder minimalistische Interieurs<\/li>\n<li data-start=\"960\" data-end=\"1256\">Sch\u00f6n f\u00fcr sich allein und stilvoll kombiniert mit anderen Formaten \u2728.<\/li>\n<li data-start=\"960\" data-end=\"1256\">Auch in <a href=\"https:\/\/www.industrialwood.nl\/vaas-sol-bollen-beige-s\/\">Gr\u00f6\u00dfe S<\/a> und <a href=\"https:\/\/www.industrialwood.nl\/vaas-sol-bollen-beige-m\/\">Gr\u00f6\u00dfe M<\/a> erh\u00e4ltlich<\/li>\n<\/ul>\n<p>&nbsp;<\/p>\n<p>&nbsp;<\/p>\n<p><strong>Ma\u00dfe<\/strong>: 14,5 x 14,5 x 37 cm<br \/>\n<strong>Material<\/strong>: T\u00f6pferei<br \/>\n<strong>Farbe<\/strong>: Wei\u00df<\/p>\n","protected":false},"featured_media":102995,"comment_status":"open","ping_status":"closed","template":"","meta":[],"product_brand":[],"product_cat":[400,504,418,402,424,420,395,422,387,396],"product_tag":[],"seizoen":[543,545,544,546],"bloemensoort":[],"samenstelling":[],"shop-per-kamer":[552,549],"indooroutdoor":[555],"vorm":[563,557],"duurzaam":[565],"productafmetingen":[569],"stijl":[574,571,575,573,572],"merk":[576],"materiaal":[611],"materiaal-schaaltje":[],"geur":[],"product-type":[],"beoordeling":[640,641,642],"uitsparingen":[],"houtsoort":[],"breedte":[],"badplanken-lengte":[],"kleur":[659],"class_list":{"0":"post-103006","1":"product","2":"type-product","3":"status-publish","4":"has-post-thumbnail","6":"product_cat-boheme-wohnzimmer","7":"product_cat-drausen","8":"product_cat-hotel-chic-wohnzimmer","9":"product_cat-japandi-wohnzimmer","10":"product_cat-landwohnzimmer","11":"product_cat-modernes-wohnzimmer","12":"product_cat-naturliche-tone","13":"product_cat-skandinavisches-wohnzimmer","14":"product_cat-vasen-topfe","15":"product_cat-wohnzimmer","16":"seizoen-lente-de","17":"seizoen-herfst-de","18":"seizoen-zomer-de","19":"seizoen-winter-de","20":"shop-per-kamer-hal-de","21":"shop-per-kamer-woonkamer-de","22":"indooroutdoor-indoor-de","23":"vorm-organisch-de","24":"vorm-rond-de","25":"duurzaam-ja-de","26":"productafmetingen-l-de","27":"stijl-bohemian-de","28":"stijl-hotel-chique-de","29":"stijl-japandi-de","30":"stijl-modern-de","31":"stijl-scandinavisch-de","32":"merk-industrialwood-de","33":"materiaal-keramiek-de","34":"beoordeling-three-star-de","35":"beoordeling-four-star-de","36":"beoordeling-five-star-de","37":"kleur-wit-de","39":"first","40":"instock","41":"taxable","42":"shipping-taxable","43":"purchasable","44":"product-type-simple"},"supplier_id":null,"supplier_sku":"","barcode":null,"atum_controlled":true,"out_stock_date":null,"out_stock_threshold":null,"inheritable":false,"inbound_stock":0,"stock_on_hold":0,"sold_today":0,"sales_last_days":0,"reserved_stock":0,"customer_returns":0,"warehouse_damage":0,"lost_in_post":0,"other_logs":0,"out_stock_days":0,"lost_sales":0,"has_location":false,"update_date":"2026-04-27T20:07:58","atum_locations":[],"atum_stock_status":"instock","restock_status":false,"low_stock_amount":"","sales_update_date":"2026-04-27T20:07:58","calc_backorders":null,"_links":{"self":[{"href":"https:\/\/www.industrialwood.nl\/de\/wp-json\/wp\/v2\/product\/103006","targetHints":{"allow":["GET"]}}],"collection":[{"href":"https:\/\/www.industrialwood.nl\/de\/wp-json\/wp\/v2\/product"}],"about":[{"href":"https:\/\/www.industrialwood.nl\/de\/wp-json\/wp\/v2\/types\/product"}],"replies":[{"embeddable":true,"href":"https:\/\/www.industrialwood.nl\/de\/wp-json\/wp\/v2\/comments?post=103006"}],"wp:featuredmedia":[{"embeddable":true,"href":"https:\/\/www.industrialwood.nl\/de\/wp-json\/wp\/v2\/media\/102995"}],"wp:attachment":[{"href":"https:\/\/www.industrialwood.nl\/de\/wp-json\/wp\/v2\/media?parent=103006"}],"wp:term":[{"taxonomy":"product_brand","embeddable":true,"href":"https:\/\/www.industrialwood.nl\/de\/wp-json\/wp\/v2\/product_brand?post=103006"},{"taxonomy":"product_cat","embeddable":true,"href":"https:\/\/www.industrialwood.nl\/de\/wp-json\/wp\/v2\/product_cat?post=103006"},{"taxonomy":"product_tag","embeddable":true,"href":"https:\/\/www.industrialwood.nl\/de\/wp-json\/wp\/v2\/product_tag?post=103006"},{"taxonomy":"seizoen","embeddable":true,"href":"https:\/\/www.industrialwood.nl\/de\/wp-json\/wp\/v2\/seizoen?post=103006"},{"taxonomy":"bloemensoort","embeddable":true,"href":"https:\/\/www.industrialwood.nl\/de\/wp-json\/wp\/v2\/bloemensoort?post=103006"},{"taxonomy":"samenstelling","embeddable":true,"href":"https:\/\/www.industrialwood.nl\/de\/wp-json\/wp\/v2\/samenstelling?post=103006"},{"taxonomy":"shop-per-kamer","embeddable":true,"href":"https:\/\/www.industrialwood.nl\/de\/wp-json\/wp\/v2\/shop-per-kamer?post=103006"},{"taxonomy":"indooroutdoor","embeddable":true,"href":"https:\/\/www.industrialwood.nl\/de\/wp-json\/wp\/v2\/indooroutdoor?post=103006"},{"taxonomy":"vorm","embeddable":true,"href":"https:\/\/www.industrialwood.nl\/de\/wp-json\/wp\/v2\/vorm?post=103006"},{"taxonomy":"duurzaam","embeddable":true,"href":"https:\/\/www.industrialwood.nl\/de\/wp-json\/wp\/v2\/duurzaam?post=103006"},{"taxonomy":"productafmetingen","embeddable":true,"href":"https:\/\/www.industrialwood.nl\/de\/wp-json\/wp\/v2\/productafmetingen?post=103006"},{"taxonomy":"stijl","embeddable":true,"href":"https:\/\/www.industrialwood.nl\/de\/wp-json\/wp\/v2\/stijl?post=103006"},{"taxonomy":"merk","embeddable":true,"href":"https:\/\/www.industrialwood.nl\/de\/wp-json\/wp\/v2\/merk?post=103006"},{"taxonomy":"materiaal","embeddable":true,"href":"https:\/\/www.industrialwood.nl\/de\/wp-json\/wp\/v2\/materiaal?post=103006"},{"taxonomy":"materiaal-schaaltje","embeddable":true,"href":"https:\/\/www.industrialwood.nl\/de\/wp-json\/wp\/v2\/materiaal-schaaltje?post=103006"},{"taxonomy":"geur","embeddable":true,"href":"https:\/\/www.industrialwood.nl\/de\/wp-json\/wp\/v2\/geur?post=103006"},{"taxonomy":"product-type","embeddable":true,"href":"https:\/\/www.industrialwood.nl\/de\/wp-json\/wp\/v2\/product-type?post=103006"},{"taxonomy":"beoordeling","embeddable":true,"href":"https:\/\/www.industrialwood.nl\/de\/wp-json\/wp\/v2\/beoordeling?post=103006"},{"taxonomy":"uitsparingen","embeddable":true,"href":"https:\/\/www.industrialwood.nl\/de\/wp-json\/wp\/v2\/uitsparingen?post=103006"},{"taxonomy":"houtsoort","embeddable":true,"href":"https:\/\/www.industrialwood.nl\/de\/wp-json\/wp\/v2\/houtsoort?post=103006"},{"taxonomy":"breedte","embeddable":true,"href":"https:\/\/www.industrialwood.nl\/de\/wp-json\/wp\/v2\/breedte?post=103006"},{"taxonomy":"badplanken-lengte","embeddable":true,"href":"https:\/\/www.industrialwood.nl\/de\/wp-json\/wp\/v2\/badplanken-lengte?post=103006"},{"taxonomy":"kleur","embeddable":true,"href":"https:\/\/www.industrialwood.nl\/de\/wp-json\/wp\/v2\/kleur?post=103006"}],"curies":[{"name":"wp","href":"https:\/\/api.w.org\/{rel}","templated":true}]}}